{"id":1785,"date":"2022-08-08T14:57:36","date_gmt":"2022-08-08T12:57:36","guid":{"rendered":"https:\/\/baeren-green-energy.at\/adatvedelmi-tajekoztato\/"},"modified":"2026-03-24T12:14:16","modified_gmt":"2026-03-24T11:14:16","slug":"adatvedelmi-tajekoztato","status":"publish","type":"page","link":"https:\/\/baeren-green-energy.at\/hu\/adatvedelmi-tajekoztato\/","title":{"rendered":"Adatv\u00e9delmi t\u00e1j\u00e9koztat\u00f3"},"content":{"rendered":"\t\t<div data-elementor-type=\"wp-page\" data-elementor-id=\"1785\" class=\"elementor elementor-1785 elementor-3\" data-elementor-post-type=\"page\">\n\t\t\t\t\t\t<section class=\"elementor-section elementor-top-section elementor-element elementor-element-1ed7f59 elementor-section-boxed elementor-section-height-default elementor-section-height-default\" data-id=\"1ed7f59\" data-element_type=\"section\" data-e-type=\"section\">\n\t\t\t\t\t\t<div class=\"elementor-container elementor-column-gap-default\">\n\t\t\t\t\t<div class=\"elementor-column elementor-col-100 elementor-top-column elementor-element elementor-element-c3e80c1\" data-id=\"c3e80c1\" data-element_type=\"column\" data-e-type=\"column\">\n\t\t\t<div class=\"elementor-widget-wrap elementor-element-populated\">\n\t\t\t\t\t\t<div class=\"elementor-element elementor-element-6e76fb9 elementor-widget elementor-widget-text-editor\" data-id=\"6e76fb9\" data-element_type=\"widget\" data-e-type=\"widget\" data-widget_type=\"text-editor.default\">\n\t\t\t\t<div class=\"elementor-widget-container\">\n\t\t\t\t\t\t\t\t\t<h1>Adatv\u00e9delmi t\u00e1j\u00e9koztat\u00f3<\/h1>\n<h2>1. Adatv\u00e9delem r\u00f6viden<\/h2>\n<h3>\u00c1ltal\u00e1nos t\u00e1j\u00e9koztat\u00e1s<\/h3> <p>Az al\u00e1bbi t\u00e1j\u00e9koztat\u00e1s egyszer\u0171 \u00e1ttekint\u00e9st ad arr\u00f3l, mi t\u00f6rt\u00e9nik az \u00d6n szem\u00e9lyes adataival, amikor felkeresi ezt a weboldalt. Szem\u00e9lyes adat minden olyan adat, amely alapj\u00e1n \u00d6n szem\u00e9ly szerint azonos\u00edthat\u00f3. Az adatv\u00e9delem t\u00e9m\u00e1j\u00e1val kapcsolatos r\u00e9szletes inform\u00e1ci\u00f3kat az al\u00e1bbi, e sz\u00f6veg alatt tal\u00e1lhat\u00f3 adatv\u00e9delmi t\u00e1j\u00e9koztat\u00f3nkban tal\u00e1lja.  <\/p>\n<h3>Adatgy\u0171jt\u00e9s ezen a weboldalon<\/h3> <h4>Ki felel\u0151s az adatgy\u0171jt\u00e9s\u00e9rt ezen a weboldalon?<\/h4> <p>Az adatkezel\u00e9st ezen a weboldalon a weboldal \u00fczemeltet\u0151je v\u00e9gzi. El\u00e9rhet\u0151s\u00e9geit az adatv\u00e9delmi t\u00e1j\u00e9koztat\u00f3 \u201eT\u00e1j\u00e9koztat\u00e1s az adatkezel\u0151 szervr\u0151l\u201d c\u00edm\u0171 r\u00e9sz\u00e9ben tal\u00e1lja. <\/p> <h4>Hogyan gy\u0171jtj\u00fck az \u00d6n adatait?<\/h4> <p>Az \u00d6n adatait egyr\u00e9szt \u00fagy gy\u0171jtj\u00fck, hogy \u00d6n k\u00f6zli azokat vel\u00fcnk. Ilyenek lehetnek p\u00e9ld\u00e1ul a kapcsolatfelv\u00e9teli \u0171rlapon megadott adatok. <\/p> <p>M\u00e1s adatokat IT-rendszereink automatikusan, illetve az \u00d6n hozz\u00e1j\u00e1rul\u00e1sa alapj\u00e1n r\u00f6gz\u00edtenek a weboldal l\u00e1togat\u00e1sakor. Ezek els\u0151sorban technikai adatok (pl. internetb\u00f6ng\u00e9sz\u0151, oper\u00e1ci\u00f3s rendszer vagy az oldalmegnyit\u00e1s id\u0151pontja). Ezen adatok r\u00f6gz\u00edt\u00e9se automatikusan t\u00f6rt\u00e9nik, amint bel\u00e9p erre a weboldalra.  <\/p> <h4>Mire haszn\u00e1ljuk az \u00d6n adatait?<\/h4> <p>Az adatok egy r\u00e9sz\u00e9t a weboldal hibamentes m\u0171k\u00f6d\u00e9s\u00e9nek biztos\u00edt\u00e1sa \u00e9rdek\u00e9ben gy\u0171jtj\u00fck. M\u00e1s adatok felhaszn\u00e1lhat\u00f3k a felhaszn\u00e1l\u00f3i viselked\u00e9s elemz\u00e9s\u00e9re. Amennyiben a weboldalon kereszt\u00fcl szerz\u0151d\u00e9sek k\u00f6thet\u0151k vagy el\u0151k\u00e9sz\u00edthet\u0151k, a tov\u00e1bb\u00edtott adatokat szerz\u0151d\u00e9ses aj\u00e1nlatok, megrendel\u00e9sek vagy egy\u00e9b megb\u00edz\u00e1si megkeres\u00e9sek feldolgoz\u00e1s\u00e1ra is kezelj\u00fck.  <\/p> <h4>Milyen jogai vannak az adataival kapcsolatban?<\/h4> <p>\u00d6n b\u00e1rmikor jogosult arra, hogy d\u00edjmentesen t\u00e1j\u00e9koztat\u00e1st kapjon a t\u00e1rolt szem\u00e9lyes adatai eredet\u00e9r\u0151l, c\u00edmzettjeir\u0151l \u00e9s az adatkezel\u00e9s c\u00e9lj\u00e1r\u00f3l. Emellett jogosult ezen adatok helyesb\u00edt\u00e9s\u00e9t vagy t\u00f6rl\u00e9s\u00e9t k\u00e9rni. Ha hozz\u00e1j\u00e1rul\u00e1s\u00e1t adta az adatkezel\u00e9shez, ezt a hozz\u00e1j\u00e1rul\u00e1st b\u00e1rmikor visszavonhatja a j\u00f6v\u0151re n\u00e9zve. Tov\u00e1bb\u00e1 bizonyos k\u00f6r\u00fclm\u00e9nyek k\u00f6z\u00f6tt jogosult szem\u00e9lyes adatai kezel\u00e9s\u00e9nek korl\u00e1toz\u00e1s\u00e1t k\u00e9rni. Ezenfel\u00fcl panaszt tehet az illet\u00e9kes fel\u00fcgyeleti hat\u00f3s\u00e1gn\u00e1l.    <\/p> <p>Ezzel, valamint az adatv\u00e9delemmel kapcsolatos tov\u00e1bbi k\u00e9rd\u00e9seivel b\u00e1rmikor fordulhat hozz\u00e1nk.<\/p>\n<h3>Elemz\u0151 eszk\u00f6z\u00f6k \u00e9s harmadik f\u00e9lt\u0151l sz\u00e1rmaz\u00f3 eszk\u00f6z\u00f6k<\/h3> <p>A weboldal l\u00e1togat\u00e1sakor b\u00f6ng\u00e9sz\u00e9si viselked\u00e9se statisztikailag ki\u00e9rt\u00e9kelhet\u0151. Ez els\u0151sorban \u00fagynevezett elemz\u0151 programok seg\u00edts\u00e9g\u00e9vel t\u00f6rt\u00e9nik. <\/p> <p>Ezen elemz\u0151 programokr\u00f3l r\u00e9szletes inform\u00e1ci\u00f3kat az al\u00e1bbi adatv\u00e9delmi t\u00e1j\u00e9koztat\u00f3ban tal\u00e1l.<\/p>\n<h2>2. T\u00e1rhelyszolg\u00e1ltat\u00e1s<\/h2>\n<p>Weboldalunk tartalm\u00e1t az al\u00e1bbi szolg\u00e1ltat\u00f3n\u00e1l t\u00e1roljuk:<\/p>\n<h3>Host Europe<\/h3> <p>A szolg\u00e1ltat\u00f3 a Host Europe GmbH, Hansestra\u00dfe 111, 51149, K\u00f6ln (a tov\u00e1bbiakban: Host Europe). Amikor felkeresi weboldalunkat, a Host Europe k\u00fcl\u00f6nb\u00f6z\u0151 napl\u00f3f\u00e1jlokat r\u00f6gz\u00edt, bele\u00e9rtve az \u00d6n IP-c\u00edm\u00e9t is.<\/p> <p>A r\u00e9szleteket a Host Europe adatv\u00e9delmi t\u00e1j\u00e9koztat\u00f3j\u00e1ban tal\u00e1lja: <a href=\"https:\/\/www.hosteurope.de\/AGB\/Datenschutzerklaerung\/\" target=\"_blank\" rel=\"noopener noreferrer\">https:\/\/www.hosteurope.de\/AGB\/Datenschutzerklaerung\/<\/a>.<\/p> <p>A Host Europe haszn\u00e1lata a GDPR 6. cikk (1) bekezd\u00e9s f) pontja alapj\u00e1n t\u00f6rt\u00e9nik. Jogos \u00e9rdek\u00fcnk f\u0171z\u0151dik weboldalunk lehet\u0151 legmegb\u00edzhat\u00f3bb megjelen\u00edt\u00e9s\u00e9hez. Amennyiben megfelel\u0151 hozz\u00e1j\u00e1rul\u00e1st k\u00e9rt\u00fcnk, az adatkezel\u00e9s kiz\u00e1r\u00f3lag a GDPR 6. cikk (1) bekezd\u00e9s a) pontja \u00e9s a TDDDG 25. \u00a7 (1) bekezd\u00e9se alapj\u00e1n t\u00f6rt\u00e9nik, amennyiben a hozz\u00e1j\u00e1rul\u00e1s a cookie-k t\u00e1rol\u00e1s\u00e1t vagy a felhaszn\u00e1l\u00f3 v\u00e9gberendez\u00e9s\u00e9n l\u00e9v\u0151 inform\u00e1ci\u00f3khoz val\u00f3 hozz\u00e1f\u00e9r\u00e9st (pl. eszk\u00f6z-ujjlenyomat k\u00e9sz\u00edt\u00e9s c\u00e9lj\u00e1b\u00f3l) a TDDDG \u00e9rtelm\u00e9ben mag\u00e1ban foglalja. A hozz\u00e1j\u00e1rul\u00e1s b\u00e1rmikor visszavonhat\u00f3.        <\/p>\n\n<h4>Adatfeldolgoz\u00e1s<\/h4> <p>A fent eml\u00edtett szolg\u00e1ltat\u00e1s ig\u00e9nybev\u00e9tel\u00e9re adatfeldolgoz\u00e1si szerz\u0151d\u00e9st (AVV) k\u00f6t\u00f6tt\u00fcnk. Ez egy adatv\u00e9delmi jogszab\u00e1lyok \u00e1ltal el\u0151\u00edrt szerz\u0151d\u00e9s, amely biztos\u00edtja, hogy a szolg\u00e1ltat\u00f3 weboldalunk l\u00e1togat\u00f3inak szem\u00e9lyes adatait kiz\u00e1r\u00f3lag utas\u00edt\u00e1saink szerint \u00e9s a GDPR betart\u00e1s\u00e1val kezelje. <\/p>\n<h2>3. \u00c1ltal\u00e1nos t\u00e1j\u00e9koztat\u00e1s \u00e9s k\u00f6telez\u0151 inform\u00e1ci\u00f3k<\/h2>\n<h3>Adatv\u00e9delem<\/h3> <p>Ezen oldalak \u00fczemeltet\u0151i nagyon komolyan veszik az \u00d6n szem\u00e9lyes adatainak v\u00e9delm\u00e9t. Szem\u00e9lyes adatait bizalmasan, a vonatkoz\u00f3 adatv\u00e9delmi jogszab\u00e1lyoknak \u00e9s jelen adatv\u00e9delmi t\u00e1j\u00e9koztat\u00f3nak megfelel\u0151en kezelj\u00fck. <\/p> <p>Amikor haszn\u00e1lja ezt a weboldalt, k\u00fcl\u00f6nb\u00f6z\u0151 szem\u00e9lyes adatokat gy\u0171jt\u00fcnk. Szem\u00e9lyes adat minden olyan adat, amely alapj\u00e1n \u00d6n szem\u00e9ly szerint azonos\u00edthat\u00f3. Jelen adatv\u00e9delmi t\u00e1j\u00e9koztat\u00f3 ismerteti, milyen adatokat gy\u0171jt\u00fcnk \u00e9s mire haszn\u00e1ljuk azokat. Azt is elmagyar\u00e1zza, hogyan \u00e9s milyen c\u00e9lb\u00f3l t\u00f6rt\u00e9nik ez.   <\/p> <p>Felh\u00edvjuk a figyelmet arra, hogy az interneten t\u00f6rt\u00e9n\u0151 adat\u00e1tvitel (pl. e-mailes kommunik\u00e1ci\u00f3) biztons\u00e1gi r\u00e9seket tartalmazhat. Az adatok harmadik felek \u00e1ltali hozz\u00e1f\u00e9r\u00e9s\u00e9vel szembeni teljes k\u00f6r\u0171 v\u00e9delem nem lehets\u00e9ges. <\/p>\n<h3>T\u00e1j\u00e9koztat\u00e1s az adatkezel\u0151 szervr\u0151l<\/h3> <p>A weboldalon t\u00f6rt\u00e9n\u0151 adatkezel\u00e9s\u00e9rt felel\u0151s szerv:<\/p> <p>B\u00e4ren Green Energy GmbH<br>Gewerbestrasse 3<br>A-9184 St. Jakob \/ Rosental<br>Ausztria<\/p>\n\n<p>Telefon: +43 4253 32050-71<br>E-mail: office@baeren-green-energy.com<\/p>\n <p>Adatkezel\u0151 szerv az a term\u00e9szetes vagy jogi szem\u00e9ly, aki\/ami \u00f6n\u00e1ll\u00f3an vagy m\u00e1sokkal egy\u00fctt d\u00f6nt a szem\u00e9lyes adatok (pl. nevek, e-mail-c\u00edmek stb.) kezel\u00e9s\u00e9nek c\u00e9ljair\u00f3l \u00e9s eszk\u00f6zeir\u0151l.<\/p>\n\n<h3>T\u00e1rol\u00e1si id\u0151tartam<\/h3> <p>Amennyiben jelen adatv\u00e9delmi t\u00e1j\u00e9koztat\u00f3ban nincs megadva konkr\u00e9tabb t\u00e1rol\u00e1si id\u0151tartam, szem\u00e9lyes adatai addig maradnak n\u00e1lunk, am\u00edg az adatkezel\u00e9s c\u00e9lja meg nem sz\u0171nik. Ha \u00d6n jogos t\u00f6rl\u00e9si k\u00e9relmet \u00e9rv\u00e9nyes\u00edt, vagy visszavonja az adatkezel\u00e9shez adott hozz\u00e1j\u00e1rul\u00e1s\u00e1t, adatait t\u00f6r\u00f6lj\u00fck, kiv\u00e9ve, ha szem\u00e9lyes adatainak t\u00e1rol\u00e1s\u00e1ra egy\u00e9b, jogilag megengedett okunk van (pl. ad\u00f3- vagy kereskedelmi jogi meg\u0151rz\u00e9si k\u00f6telezetts\u00e9gek); ez ut\u00f3bbi esetben a t\u00f6rl\u00e9s ezen okok megsz\u0171n\u00e9s\u00e9t k\u00f6vet\u0151en t\u00f6rt\u00e9nik. <\/p>\n<h3>\u00c1ltal\u00e1nos t\u00e1j\u00e9koztat\u00e1s az adatkezel\u00e9s jogalapjair\u00f3l ezen a weboldalon<\/h3> <p>Amennyiben \u00d6n hozz\u00e1j\u00e1rult az adatkezel\u00e9shez, szem\u00e9lyes adatait a GDPR 6. cikk (1) bekezd\u00e9s a) pontja, illetve a GDPR 9. cikk (2) bekezd\u00e9s a) pontja alapj\u00e1n kezelj\u00fck, amennyiben a GDPR 9. cikk (1) bekezd\u00e9se szerinti k\u00fcl\u00f6nleges adatkateg\u00f3ri\u00e1k kezel\u00e9se t\u00f6rt\u00e9nik. Szem\u00e9lyes adatok harmadik orsz\u00e1gokba t\u00f6rt\u00e9n\u0151 tov\u00e1bb\u00edt\u00e1s\u00e1hoz adott kifejezett hozz\u00e1j\u00e1rul\u00e1s eset\u00e9n az adatkezel\u00e9s a GDPR 49. cikk (1) bekezd\u00e9s a) pontja alapj\u00e1n is t\u00f6rt\u00e9nik. Amennyiben \u00d6n hozz\u00e1j\u00e1rult cookie-k t\u00e1rol\u00e1s\u00e1hoz vagy a v\u00e9gberendez\u00e9s\u00e9n l\u00e9v\u0151 inform\u00e1ci\u00f3khoz val\u00f3 hozz\u00e1f\u00e9r\u00e9shez (pl. eszk\u00f6z-ujjlenyomat k\u00e9sz\u00edt\u00e9s \u00fatj\u00e1n), az adatkezel\u00e9s a TDDDG 25. \u00a7 (1) bekezd\u00e9se alapj\u00e1n is t\u00f6rt\u00e9nik. A hozz\u00e1j\u00e1rul\u00e1s b\u00e1rmikor visszavonhat\u00f3. Ha adatai a szerz\u0151d\u00e9s teljes\u00edt\u00e9s\u00e9hez vagy szerz\u0151d\u00e9sk\u00f6t\u00e9st megel\u0151z\u0151 int\u00e9zked\u00e9sek v\u00e9grehajt\u00e1s\u00e1hoz sz\u00fcks\u00e9gesek, adatait a GDPR 6. cikk (1) bekezd\u00e9s b) pontja alapj\u00e1n kezelj\u00fck. Tov\u00e1bb\u00e1, amennyiben adatai jogi k\u00f6telezetts\u00e9g teljes\u00edt\u00e9s\u00e9hez sz\u00fcks\u00e9gesek, az adatkezel\u00e9s a GDPR 6. cikk (1) bekezd\u00e9s c) pontja alapj\u00e1n t\u00f6rt\u00e9nik. Az adatkezel\u00e9s t\u00f6rt\u00e9nhet tov\u00e1bb\u00e1 jogos \u00e9rdek\u00fcnk alapj\u00e1n is a GDPR 6. cikk (1) bekezd\u00e9s f) pontja szerint. Az adott esetben alkalmazand\u00f3 jogalapokr\u00f3l az al\u00e1bbi bekezd\u00e9sekben t\u00e1j\u00e9koztatunk.                     <\/p>\n<h3>Szem\u00e9lyes adatok c\u00edmzettjei<\/h3> <p>\u00dczleti tev\u00e9kenys\u00e9g\u00fcnk keret\u00e9ben k\u00fcl\u00f6nb\u00f6z\u0151 k\u00fcls\u0151 szervezetekkel m\u0171k\u00f6d\u00fcnk egy\u00fctt. Ennek sor\u00e1n r\u00e9szben sz\u00fcks\u00e9gess\u00e9 v\u00e1lhat szem\u00e9lyes adatok tov\u00e1bb\u00edt\u00e1sa ezen k\u00fcls\u0151 szervezetek r\u00e9sz\u00e9re. Szem\u00e9lyes adatokat csak akkor adunk \u00e1t k\u00fcls\u0151 szervezeteknek, ha ez a szerz\u0151d\u00e9s teljes\u00edt\u00e9s\u00e9hez sz\u00fcks\u00e9ges, ha erre jogszab\u00e1ly k\u00f6telez (pl. adatok tov\u00e1bb\u00edt\u00e1sa ad\u00f3hat\u00f3s\u00e1goknak), ha a GDPR 6. cikk (1) bekezd\u00e9s f) pontja szerinti jogos \u00e9rdek\u00fcnk f\u0171z\u0151dik az adattov\u00e1bb\u00edt\u00e1shoz, vagy ha egy\u00e9b jogalap enged\u00e9lyezi az adattov\u00e1bb\u00edt\u00e1st. Adatfeldolgoz\u00f3k ig\u00e9nybev\u00e9tele eset\u00e9n \u00fcgyfeleink szem\u00e9lyes adatait csak \u00e9rv\u00e9nyes adatfeldolgoz\u00e1si szerz\u0151d\u00e9s alapj\u00e1n adjuk \u00e1t. K\u00f6z\u00f6s adatkezel\u00e9s eset\u00e9n k\u00f6z\u00f6s adatkezel\u00e9si meg\u00e1llapod\u00e1st k\u00f6t\u00fcnk.      <\/p>\n<h3>Az adatkezel\u00e9shez adott hozz\u00e1j\u00e1rul\u00e1s visszavon\u00e1sa<\/h3> <p>Sz\u00e1mos adatkezel\u00e9si m\u0171velet csak az \u00d6n kifejezett hozz\u00e1j\u00e1rul\u00e1s\u00e1val lehets\u00e9ges. A m\u00e1r megadott hozz\u00e1j\u00e1rul\u00e1st b\u00e1rmikor visszavonhatja. A visszavon\u00e1sig v\u00e9gzett adatkezel\u00e9s jogszer\u0171s\u00e9g\u00e9t a visszavon\u00e1s nem \u00e9rinti.  <\/p>\n<h3>Tiltakoz\u00e1si jog k\u00fcl\u00f6nleges esetekben, valamint a k\u00f6zvetlen \u00fczletszerz\u00e9s ellen (GDPR 21. cikk)<\/h3> <p>HA AZ ADATKEZEL\u00c9S A GDPR 6. CIKK (1) BEKEZD\u00c9S E) VAGY F) PONTJA ALAPJ\u00c1N T\u00d6RT\u00c9NIK, \u00d6N B\u00c1RMIKOR JOGOSULT ARRA, HOGY A SAJ\u00c1T HELYZET\u00c9B\u0150L AD\u00d3D\u00d3 OKOKB\u00d3L TILTAKOZZON SZEM\u00c9LYES ADATAINAK KEZEL\u00c9SE ELLEN; EZ VONATKOZIK AZ E RENDELKEZ\u00c9SEKEN ALAPUL\u00d3 PROFILALKOT\u00c1SRA IS. AZ ADATKEZEL\u00c9S JOGALAPJ\u00c1T, AMELYEN AZ ADATKEZEL\u00c9S NYUGSZIK, JELEN ADATV\u00c9DELMI T\u00c1J\u00c9KOZTAT\u00d3BAN TAL\u00c1LJA. HA \u00d6N TILTAKOZIK, AZ \u00c9RINTETT SZEM\u00c9LYES ADATAIT T\u00d6BB\u00c9 NEM KEZELJ\u00dcK, KIV\u00c9VE, HA K\u00c9NYSZER\u00cdT\u0150 EREJ\u0170, V\u00c9DELEMRE M\u00c9LT\u00d3 OKOKAT TUDUNK IGAZOLNI AZ ADATKEZEL\u00c9SRE, AMELYEK AZ \u00d6N \u00c9RDEKEIT, JOGAIT \u00c9S SZABADS\u00c1GAIT FEL\u00dcLM\u00daLJ\u00c1K, VAGY HA AZ ADATKEZEL\u00c9S JOGI IG\u00c9NYEK \u00c9RV\u00c9NYES\u00cdT\u00c9S\u00c9T, GYAKORL\u00c1S\u00c1T VAGY V\u00c9DELM\u00c9T SZOLG\u00c1LJA (TILTAKOZ\u00c1S A GDPR 21. CIKK (1) BEKEZD\u00c9SE SZERINT).    <\/p> <p>HA SZEM\u00c9LYES ADATAIT K\u00d6ZVETLEN \u00dcZLETSZERZ\u00c9S C\u00c9LJ\u00c1B\u00d3L KEZELJ\u00dcK, \u00d6N B\u00c1RMIKOR JOGOSULT TILTAKOZNI AZ \u00d6NRE VONATKOZ\u00d3 SZEM\u00c9LYES ADATOK ILYEN C\u00c9L\u00da KEZEL\u00c9SE ELLEN; EZ VONATKOZIK A PROFILALKOT\u00c1SRA IS, AMENNYIBEN AZ ILYEN K\u00d6ZVETLEN \u00dcZLETSZERZ\u00c9SSEL \u00d6SSZEF\u00dcGG. HA \u00d6N TILTAKOZIK, SZEM\u00c9LYES ADATAIT EZUT\u00c1N NEM HASZN\u00c1LJUK FEL K\u00d6ZVETLEN \u00dcZLETSZERZ\u00c9S C\u00c9LJ\u00c1B\u00d3L (TILTAKOZ\u00c1S A GDPR 21. CIKK (2) BEKEZD\u00c9SE SZERINT). <\/p>\n<h3>Panasz beny\u00fajt\u00e1s\u00e1nak joga az illet\u00e9kes fel\u00fcgyeleti hat\u00f3s\u00e1gn\u00e1l<\/h3> <p>A GDPR megs\u00e9rt\u00e9se eset\u00e9n az \u00e9rintettek jogosultak panaszt beny\u00fajtani egy fel\u00fcgyeleti hat\u00f3s\u00e1gn\u00e1l, k\u00fcl\u00f6n\u00f6sen a szok\u00e1sos tart\u00f3zkod\u00e1si hely\u00fck, munkahely\u00fck szerinti tag\u00e1llamban vagy a felt\u00e9telezett jogs\u00e9rt\u00e9s helye szerinti tag\u00e1llamban. A panasz beny\u00fajt\u00e1s\u00e1nak joga nem \u00e9rinti az egy\u00e9b k\u00f6zigazgat\u00e1si vagy b\u00edr\u00f3s\u00e1gi jogorvoslatokat. <\/p>\n<h3>Az adathordozhat\u00f3s\u00e1ghoz val\u00f3 jog<\/h3> <p>\u00d6n jogosult arra, hogy azokat az adatokat, amelyeket az \u00d6n hozz\u00e1j\u00e1rul\u00e1sa alapj\u00e1n vagy szerz\u0151d\u00e9s teljes\u00edt\u00e9se \u00e9rdek\u00e9ben automatiz\u00e1ltan kezel\u00fcnk, egy \u00e1ltal\u00e1nosan haszn\u00e1lt, g\u00e9ppel olvashat\u00f3 form\u00e1tumban megkapja, illetve k\u00e9rheti azok tov\u00e1bb\u00edt\u00e1s\u00e1t \u00d6nnek vagy egy harmadik f\u00e9lnek. Amennyiben az adatok k\u00f6zvetlen tov\u00e1bb\u00edt\u00e1s\u00e1t k\u00e9ri egy m\u00e1sik adatkezel\u0151 r\u00e9sz\u00e9re, ez csak akkor t\u00f6rt\u00e9nik meg, ha az technikailag megval\u00f3s\u00edthat\u00f3. <\/p>\n<h3>T\u00e1j\u00e9koztat\u00e1s, helyesb\u00edt\u00e9s \u00e9s t\u00f6rl\u00e9s<\/h3> <p>A hat\u00e1lyos jogszab\u00e1lyi rendelkez\u00e9sek keretein bel\u00fcl \u00d6n b\u00e1rmikor jogosult d\u00edjmentes t\u00e1j\u00e9koztat\u00e1st k\u00e9rni a t\u00e1rolt szem\u00e9lyes adatair\u00f3l, azok eredet\u00e9r\u0151l \u00e9s c\u00edmzettjeir\u0151l, az adatkezel\u00e9s c\u00e9lj\u00e1r\u00f3l, valamint adott esetben jogosult ezen adatok helyesb\u00edt\u00e9s\u00e9t vagy t\u00f6rl\u00e9s\u00e9t k\u00e9rni. Ezzel, valamint a szem\u00e9lyes adatokkal kapcsolatos tov\u00e1bbi k\u00e9rd\u00e9seivel b\u00e1rmikor fordulhat hozz\u00e1nk. <\/p>\n<h3>Az adatkezel\u00e9s korl\u00e1toz\u00e1s\u00e1hoz val\u00f3 jog<\/h3> <p>\u00d6n jogosult szem\u00e9lyes adatai kezel\u00e9s\u00e9nek korl\u00e1toz\u00e1s\u00e1t k\u00e9rni. Ezzel kapcsolatban b\u00e1rmikor fordulhat hozz\u00e1nk. Az adatkezel\u00e9s korl\u00e1toz\u00e1s\u00e1hoz val\u00f3 jog az al\u00e1bbi esetekben \u00e1ll fenn:  <\/p> <ul> <li>Ha vitatja a n\u00e1lunk t\u00e1rolt szem\u00e9lyes adatai pontoss\u00e1g\u00e1t, \u00e1ltal\u00e1ban id\u0151re van sz\u00fcks\u00e9g\u00fcnk ennek ellen\u0151rz\u00e9s\u00e9hez. Az ellen\u0151rz\u00e9s id\u0151tartama alatt \u00d6n jogosult szem\u00e9lyes adatai kezel\u00e9s\u00e9nek korl\u00e1toz\u00e1s\u00e1t k\u00e9rni. <\/li> <li>Ha szem\u00e9lyes adatainak kezel\u00e9se jogellenesen t\u00f6rt\u00e9nt\/t\u00f6rt\u00e9nik, t\u00f6rl\u00e9s helyett k\u00e9rheti az adatkezel\u00e9s korl\u00e1toz\u00e1s\u00e1t.<\/li> <li>Ha m\u00e1r nincs sz\u00fcks\u00e9g\u00fcnk szem\u00e9lyes adataira, de \u00d6nnek jogi ig\u00e9nyek \u00e9rv\u00e9nyes\u00edt\u00e9s\u00e9hez, gyakorl\u00e1s\u00e1hoz vagy v\u00e9delm\u00e9hez sz\u00fcks\u00e9ge van r\u00e1juk, t\u00f6rl\u00e9s helyett jogosult szem\u00e9lyes adatai kezel\u00e9s\u00e9nek korl\u00e1toz\u00e1s\u00e1t k\u00e9rni.<\/li> <li>Ha a GDPR 21. cikk (1) bekezd\u00e9se alapj\u00e1n tiltakoz\u00e1st ny\u00fajtott be, az \u00d6n \u00e9s a mi \u00e9rdekeink k\u00f6z\u00f6tt m\u00e9rlegel\u00e9st kell v\u00e9gezni. Am\u00edg nem d\u0151l el, kinek az \u00e9rdekei \u00e9lveznek els\u0151bbs\u00e9get, \u00d6n jogosult szem\u00e9lyes adatai kezel\u00e9s\u00e9nek korl\u00e1toz\u00e1s\u00e1t k\u00e9rni.  <\/li> <\/ul> <p>Ha korl\u00e1tozta szem\u00e9lyes adatai kezel\u00e9s\u00e9t, ezen adatok \u2013 a t\u00e1rol\u00e1s kiv\u00e9tel\u00e9vel \u2013 csak az \u00d6n hozz\u00e1j\u00e1rul\u00e1s\u00e1val, jogi ig\u00e9nyek \u00e9rv\u00e9nyes\u00edt\u00e9se, gyakorl\u00e1sa vagy v\u00e9delme c\u00e9lj\u00e1b\u00f3l, vagy m\u00e1s term\u00e9szetes vagy jogi szem\u00e9ly jogainak v\u00e9delme \u00e9rdek\u00e9ben, illetve az Eur\u00f3pai Uni\u00f3 vagy valamely tag\u00e1llam fontos k\u00f6z\u00e9rdek\u00e9b\u0151l kezelhet\u0151k.<\/p>\n<h3>SSL-, illetve TLS-titkos\u00edt\u00e1s<\/h3> <p>Ez az oldal biztons\u00e1gi okokb\u00f3l \u00e9s a bizalmas tartalmak \u2013 p\u00e9ld\u00e1ul megrendel\u00e9sek vagy megkeres\u00e9sek \u2013 tov\u00e1bb\u00edt\u00e1s\u00e1nak v\u00e9delme \u00e9rdek\u00e9ben, amelyeket \u00d6n mint oldal\u00fczemeltet\u0151nek k\u00fcld, SSL-, illetve TLS-titkos\u00edt\u00e1st haszn\u00e1l. A titkos\u00edtott kapcsolatot arr\u00f3l ismerheti fel, hogy a b\u00f6ng\u00e9sz\u0151 c\u00edmsor\u00e1ban a \u201ehttp:\/\/\u201d \u201ehttps:\/\/\u201d-re v\u00e1lt, valamint a b\u00f6ng\u00e9sz\u0151 c\u00edmsor\u00e1ban megjelen\u0151 lakat ikonr\u00f3l. <\/p> <p>Ha az SSL-, illetve TLS-titkos\u00edt\u00e1s aktiv\u00e1lva van, az \u00d6n \u00e1ltal r\u00e9sz\u00fcnkre tov\u00e1bb\u00edtott adatokat harmadik felek nem tudj\u00e1k elolvasni.<\/p>\n<h2>4. Adatgy\u0171jt\u00e9s ezen a weboldalon<\/h2>\n<h3>Cookie-k<\/h3> <p>Weboldalaink \u00fagynevezett \u201ecookie-kat\u201d haszn\u00e1lnak. A cookie-k kis adatcsomagok, \u00e9s nem okoznak k\u00e1rt az \u00d6n v\u00e9gberendez\u00e9s\u00e9ben. Ezeket vagy ideiglenesen, a munkamenet id\u0151tartam\u00e1ra (munkamenet-cookie-k), vagy tart\u00f3san (\u00e1lland\u00f3 cookie-k) t\u00e1roljuk a v\u00e9gberendez\u00e9s\u00e9n. A munkamenet-cookie-k a l\u00e1togat\u00e1s befejez\u00e9se ut\u00e1n automatikusan t\u00f6rl\u0151dnek. Az \u00e1lland\u00f3 cookie-k addig maradnak a v\u00e9gberendez\u00e9s\u00e9n, am\u00edg \u00d6n nem t\u00f6rli \u0151ket, vagy a b\u00f6ng\u00e9sz\u0151 automatikusan nem t\u00f6rli azokat.    <\/p> <p>A cookie-k sz\u00e1rmazhatnak t\u0151l\u00fcnk (first-party cookie-k) vagy harmadik v\u00e1llalatokt\u00f3l (\u00fan. third-party cookie-k). A third-party cookie-k lehet\u0151v\u00e9 teszik bizonyos, harmadik v\u00e1llalatok \u00e1ltal ny\u00fajtott szolg\u00e1ltat\u00e1sok be\u00e9p\u00edt\u00e9s\u00e9t a weboldalakba (pl. fizet\u00e9si szolg\u00e1ltat\u00e1sok lebonyol\u00edt\u00e1s\u00e1hoz sz\u00fcks\u00e9ges cookie-k). <\/p> <p>A cookie-knak k\u00fcl\u00f6nb\u00f6z\u0151 funkci\u00f3ik vannak. Sz\u00e1mos cookie technikailag sz\u00fcks\u00e9ges, mivel bizonyos weboldal-funkci\u00f3k ezek n\u00e9lk\u00fcl nem m\u0171k\u00f6dn\u00e9nek (pl. a kos\u00e1r funkci\u00f3 vagy vide\u00f3k megjelen\u00edt\u00e9se). M\u00e1s cookie-k a felhaszn\u00e1l\u00f3i viselked\u00e9s ki\u00e9rt\u00e9kel\u00e9s\u00e9re vagy rekl\u00e1mc\u00e9lokra haszn\u00e1lhat\u00f3k.  <\/p> <p>Az elektronikus kommunik\u00e1ci\u00f3 lebonyol\u00edt\u00e1s\u00e1hoz, bizonyos, \u00d6n \u00e1ltal k\u00e9rt funkci\u00f3k biztos\u00edt\u00e1s\u00e1hoz (pl. kos\u00e1r funkci\u00f3), vagy a weboldal optimaliz\u00e1l\u00e1s\u00e1hoz (pl. a webes k\u00f6z\u00f6ns\u00e9g m\u00e9r\u00e9s\u00e9re szolg\u00e1l\u00f3 cookie-k) sz\u00fcks\u00e9ges cookie-kat (sz\u00fcks\u00e9ges cookie-k) a GDPR 6. cikk (1) bekezd\u00e9s f) pontja alapj\u00e1n t\u00e1roljuk, amennyiben nincs megadva m\u00e1s jogalap. A weboldal \u00fczemeltet\u0151j\u00e9nek jogos \u00e9rdeke f\u0171z\u0151dik a sz\u00fcks\u00e9ges cookie-k t\u00e1rol\u00e1s\u00e1hoz szolg\u00e1ltat\u00e1sai technikailag hibamentes \u00e9s optimaliz\u00e1lt ny\u00fajt\u00e1sa \u00e9rdek\u00e9ben. Amennyiben a cookie-k \u00e9s hasonl\u00f3 felismer\u00e9si technol\u00f3gi\u00e1k t\u00e1rol\u00e1s\u00e1hoz hozz\u00e1j\u00e1rul\u00e1st k\u00e9rt\u00fcnk, az adatkezel\u00e9s kiz\u00e1r\u00f3lag ezen hozz\u00e1j\u00e1rul\u00e1s alapj\u00e1n t\u00f6rt\u00e9nik (GDPR 6. cikk (1) bekezd\u00e9s a) pontja \u00e9s TDDDG 25. \u00a7 (1) bekezd\u00e9s); a hozz\u00e1j\u00e1rul\u00e1s b\u00e1rmikor visszavonhat\u00f3.    <\/p> <p>Be\u00e1ll\u00edthatja b\u00f6ng\u00e9sz\u0151j\u00e9t \u00fagy, hogy t\u00e1j\u00e9koztassa \u00d6nt a cookie-k elhelyez\u00e9s\u00e9r\u0151l, \u00e9s a cookie-kat csak egyedi esetekben enged\u00e9lyezze, bizonyos esetekben vagy \u00e1ltal\u00e1nosan kiz\u00e1rja a cookie-k elfogad\u00e1s\u00e1t, valamint aktiv\u00e1lja a cookie-k automatikus t\u00f6rl\u00e9s\u00e9t a b\u00f6ng\u00e9sz\u0151 bez\u00e1r\u00e1sakor. A cookie-k letilt\u00e1sa eset\u00e9n a weboldal funkcionalit\u00e1sa korl\u00e1tozott lehet. <\/p> <p>Amennyiben ezen a weboldalon tov\u00e1bbi cookie-kat \u00e9s szolg\u00e1ltat\u00e1sokat alkalmazunk, err\u0151l jelen adatv\u00e9delmi t\u00e1j\u00e9koztat\u00f3ban t\u00e1j\u00e9koz\u00f3dhat.<\/p>\n<h3>Kapcsolatfelv\u00e9teli \u0171rlap<\/h3> <p>Ha a kapcsolatfelv\u00e9teli \u0171rlapon kereszt\u00fcl k\u00fcld megkeres\u00e9st, az \u0171rlapon megadott adatait \u2013 bele\u00e9rtve az ott megadott el\u00e9rhet\u0151s\u00e9gi adatokat is \u2013 a megkeres\u00e9s feldolgoz\u00e1sa, valamint esetleges tov\u00e1bbi k\u00e9rd\u00e9sek eset\u00e9re n\u00e1lunk t\u00e1roljuk. Ezen adatokat az \u00d6n hozz\u00e1j\u00e1rul\u00e1sa n\u00e9lk\u00fcl nem adjuk tov\u00e1bb. <\/p> <p>Ezen adatok kezel\u00e9se a GDPR 6. cikk (1) bekezd\u00e9s b) pontja alapj\u00e1n t\u00f6rt\u00e9nik, amennyiben megkeres\u00e9se szerz\u0151d\u00e9s teljes\u00edt\u00e9s\u00e9vel f\u00fcgg \u00f6ssze, vagy szerz\u0151d\u00e9sk\u00f6t\u00e9st megel\u0151z\u0151 int\u00e9zked\u00e9sek v\u00e9grehajt\u00e1s\u00e1hoz sz\u00fcks\u00e9ges. Minden egy\u00e9b esetben az adatkezel\u00e9s a hozz\u00e1nk int\u00e9zett megkeres\u00e9sek hat\u00e9kony feldolgoz\u00e1s\u00e1hoz f\u0171z\u0151d\u0151 jogos \u00e9rdek\u00fcnk\u00f6n (GDPR 6. cikk (1) bekezd\u00e9s f) pontja) vagy \u2013 amennyiben k\u00e9rt\u00fck \u2013 az \u00d6n hozz\u00e1j\u00e1rul\u00e1s\u00e1n (GDPR 6. cikk (1) bekezd\u00e9s a) pontja) alapul; a hozz\u00e1j\u00e1rul\u00e1s b\u00e1rmikor visszavonhat\u00f3.   <\/p> <p>A kapcsolatfelv\u00e9teli \u0171rlapon megadott adatai addig maradnak n\u00e1lunk, am\u00edg \u00d6n nem k\u00e9ri azok t\u00f6rl\u00e9s\u00e9t, nem vonja vissza a t\u00e1rol\u00e1shoz adott hozz\u00e1j\u00e1rul\u00e1s\u00e1t, vagy az adatt\u00e1rol\u00e1s c\u00e9lja meg nem sz\u0171nik (pl. a megkeres\u00e9s\u00e9nek lez\u00e1rt feldolgoz\u00e1sa ut\u00e1n). K\u00f6telez\u0151 jogszab\u00e1lyi rendelkez\u00e9sek \u2013 k\u00fcl\u00f6n\u00f6sen meg\u0151rz\u00e9si hat\u00e1rid\u0151k \u2013 nem \u00e9rintettek. <\/p>\n<h3>Megkeres\u00e9s e-mailben, telefonon vagy telefaxon<\/h3> <p>Ha e-mailben, telefonon vagy telefaxon l\u00e9p kapcsolatba vel\u00fcnk, megkeres\u00e9s\u00e9t \u2013 bele\u00e9rtve az abb\u00f3l ered\u0151 valamennyi szem\u00e9lyes adatot (n\u00e9v, megkeres\u00e9s) \u2013 az \u00fcgy\u00e9nek feldolgoz\u00e1sa c\u00e9lj\u00e1b\u00f3l n\u00e1lunk t\u00e1roljuk \u00e9s kezelj\u00fck. Ezen adatokat az \u00d6n hozz\u00e1j\u00e1rul\u00e1sa n\u00e9lk\u00fcl nem adjuk tov\u00e1bb. <\/p> <p>Ezen adatok kezel\u00e9se a GDPR 6. cikk (1) bekezd\u00e9s b) pontja alapj\u00e1n t\u00f6rt\u00e9nik, amennyiben megkeres\u00e9se szerz\u0151d\u00e9s teljes\u00edt\u00e9s\u00e9vel f\u00fcgg \u00f6ssze, vagy szerz\u0151d\u00e9sk\u00f6t\u00e9st megel\u0151z\u0151 int\u00e9zked\u00e9sek v\u00e9grehajt\u00e1s\u00e1hoz sz\u00fcks\u00e9ges. Minden egy\u00e9b esetben az adatkezel\u00e9s a hozz\u00e1nk int\u00e9zett megkeres\u00e9sek hat\u00e9kony feldolgoz\u00e1s\u00e1hoz f\u0171z\u0151d\u0151 jogos \u00e9rdek\u00fcnk\u00f6n (GDPR 6. cikk (1) bekezd\u00e9s f) pontja) vagy \u2013 amennyiben k\u00e9rt\u00fck \u2013 az \u00d6n hozz\u00e1j\u00e1rul\u00e1s\u00e1n (GDPR 6. cikk (1) bekezd\u00e9s a) pontja) alapul; a hozz\u00e1j\u00e1rul\u00e1s b\u00e1rmikor visszavonhat\u00f3.   <\/p> <p>Az \u00d6n \u00e1ltal kapcsolatfelv\u00e9teli megkeres\u00e9sek \u00fatj\u00e1n r\u00e9sz\u00fcnkre megk\u00fcld\u00f6tt adatok addig maradnak n\u00e1lunk, am\u00edg \u00d6n nem k\u00e9ri azok t\u00f6rl\u00e9s\u00e9t, nem vonja vissza a t\u00e1rol\u00e1shoz adott hozz\u00e1j\u00e1rul\u00e1s\u00e1t, vagy az adatt\u00e1rol\u00e1s c\u00e9lja meg nem sz\u0171nik (pl. az \u00fcgy\u00e9nek lez\u00e1rt feldolgoz\u00e1sa ut\u00e1n). K\u00f6telez\u0151 jogszab\u00e1lyi rendelkez\u00e9sek \u2013 k\u00fcl\u00f6n\u00f6sen jogszab\u00e1lyi meg\u0151rz\u00e9si hat\u00e1rid\u0151k \u2013 nem \u00e9rintettek. <\/p>\n<h2>5. B\u0151v\u00edtm\u00e9nyek \u00e9s eszk\u00f6z\u00f6k<\/h2>\n<h3>Google Fonts (helyi t\u00e1rhelyen)<\/h3> <p>Ez az oldal a bet\u0171t\u00edpusok egys\u00e9ges megjelen\u00edt\u00e9s\u00e9hez \u00fagynevezett Google Fonts bet\u0171k\u00e9szleteket haszn\u00e1l, amelyeket a Google biztos\u00edt. A Google Fonts helyben van telep\u00edtve. A Google szervereivel nem j\u00f6n l\u00e9tre kapcsolat.  <\/p> <p>A Google Fonts szolg\u00e1ltat\u00e1sr\u00f3l tov\u00e1bbi inform\u00e1ci\u00f3t itt tal\u00e1l: <a href=\"https:\/\/developers.google.com\/fonts\/faq\" target=\"_blank\" rel=\"noopener noreferrer\">https:\/\/developers.google.com\/fonts\/faq<\/a>, a Google adatv\u00e9delmi t\u00e1j\u00e9koztat\u00f3j\u00e1t pedig itt: <a href=\"https:\/\/policies.google.com\/privacy?hl=de\" target=\"_blank\" rel=\"noopener noreferrer\">https:\/\/policies.google.com\/privacy?hl=de<\/a>.<\/p>\n<h3>Font Awesome (helyi t\u00e1rhelyen)<\/h3> <p>Ez az oldal a bet\u0171t\u00edpusok egys\u00e9ges megjelen\u00edt\u00e9s\u00e9hez a Font Awesome-ot haszn\u00e1lja. A Font Awesome helyben van telep\u00edtve. A Fonticons, Inc. szervereivel nem j\u00f6n l\u00e9tre kapcsolat.   <\/p> <p>A Font Awesome-r\u00f3l tov\u00e1bbi inform\u00e1ci\u00f3t a Font Awesome adatv\u00e9delmi t\u00e1j\u00e9koztat\u00f3j\u00e1ban tal\u00e1l: <a href=\"https:\/\/fontawesome.com\/privacy\" target=\"_blank\" rel=\"noopener noreferrer\">https:\/\/fontawesome.com\/privacy<\/a>.<\/p>\t\t\t\t\t\t\t\t<\/div>\n\t\t\t\t<\/div>\n\t\t\t\t\t<\/div>\n\t\t<\/div>\n\t\t\t\t\t<\/div>\n\t\t<\/section>\n\t\t\t\t<\/div>\n\t\t","protected":false},"excerpt":{"rendered":"<p>Adatv\u00e9delmi t\u00e1j\u00e9koztat\u00f3 1. Adatv\u00e9delem r\u00f6viden \u00c1ltal\u00e1nos t\u00e1j\u00e9koztat\u00e1s Az al\u00e1bbi t\u00e1j\u00e9koztat\u00e1s egyszer\u0171 \u00e1ttekint\u00e9st ad arr\u00f3l, mi t\u00f6rt\u00e9nik az \u00d6n szem\u00e9lyes adataival, amikor felkeresi ezt a weboldalt. Szem\u00e9lyes adat minden olyan adat, amely alapj\u00e1n \u00d6n szem\u00e9ly szerint azonos\u00edthat\u00f3. Az adatv\u00e9delem t\u00e9m\u00e1j\u00e1val kapcsolatos r\u00e9szletes inform\u00e1ci\u00f3kat az al\u00e1bbi, e sz\u00f6veg alatt tal\u00e1lhat\u00f3 adatv\u00e9delmi t\u00e1j\u00e9koztat\u00f3nkban tal\u00e1lja. Adatgy\u0171jt\u00e9s ezen a weboldalon [&hellip;]<\/p>\n","protected":false},"author":1,"featured_media":0,"parent":0,"menu_order":0,"comment_status":"closed","ping_status":"open","template":"","meta":{"footnotes":""},"class_list":["post-1785","page","type-page","status-publish","hentry"],"_links":{"self":[{"href":"https:\/\/baeren-green-energy.at\/hu\/wp-json\/wp\/v2\/pages\/1785","targetHints":{"allow":["GET"]}}],"collection":[{"href":"https:\/\/baeren-green-energy.at\/hu\/wp-json\/wp\/v2\/pages"}],"about":[{"href":"https:\/\/baeren-green-energy.at\/hu\/wp-json\/wp\/v2\/types\/page"}],"author":[{"embeddable":true,"href":"https:\/\/baeren-green-energy.at\/hu\/wp-json\/wp\/v2\/users\/1"}],"replies":[{"embeddable":true,"href":"https:\/\/baeren-green-energy.at\/hu\/wp-json\/wp\/v2\/comments?post=1785"}],"version-history":[{"count":1,"href":"https:\/\/baeren-green-energy.at\/hu\/wp-json\/wp\/v2\/pages\/1785\/revisions"}],"predecessor-version":[{"id":1786,"href":"https:\/\/baeren-green-energy.at\/hu\/wp-json\/wp\/v2\/pages\/1785\/revisions\/1786"}],"wp:attachment":[{"href":"https:\/\/baeren-green-energy.at\/hu\/wp-json\/wp\/v2\/media?parent=1785"}],"curies":[{"name":"wp","href":"https:\/\/api.w.org\/{rel}","templated":true}]}}